{"id":319,"date":"2023-03-15T13:08:55","date_gmt":"2023-03-15T12:08:55","guid":{"rendered":"https:\/\/sit.skarzysko.pl\/?page_id=319"},"modified":"2023-11-07T12:12:48","modified_gmt":"2023-11-07T11:12:48","slug":"aktualnosci","status":"publish","type":"page","link":"https:\/\/sit.skarzysko.pl\/index.php\/aktualnosci\/","title":{"rendered":"Aktualno\u015b\u0107i"},"content":{"rendered":"\t\t<div data-elementor-type=\"wp-page\" data-elementor-id=\"319\" class=\"elementor elementor-319\" data-elementor-post-type=\"page\">\n\t\t\t\t\t\t<section class=\"elementor-section elementor-top-section elementor-element elementor-element-3771173a elementor-section-height-min-height elementor-section-boxed elementor-section-height-default elementor-section-items-middle\" data-id=\"3771173a\" data-element_type=\"section\" data-settings=\"{&quot;background_background&quot;:&quot;classic&quot;}\">\n\t\t\t\t\t\t\t<div class=\"elementor-background-overlay\"><\/div>\n\t\t\t\t\t\t\t<div class=\"elementor-container elementor-column-gap-default\">\n\t\t\t\t\t<div class=\"elementor-column elementor-col-100 elementor-top-column elementor-element elementor-element-2b7a60a2 elementor-invisible\" data-id=\"2b7a60a2\" data-element_type=\"column\" data-settings=\"{&quot;background_background&quot;:&quot;classic&quot;,&quot;animation&quot;:&quot;fadeInUp&quot;}\">\n\t\t\t<div class=\"elementor-widget-wrap elementor-element-populated\">\n\t\t\t\t\t\t<div class=\"elementor-element elementor-element-7619898b elementor-widget elementor-widget-heading\" data-id=\"7619898b\" data-element_type=\"widget\" data-widget_type=\"heading.default\">\n\t\t\t\t<div class=\"elementor-widget-container\">\n\t\t\t<h1 class=\"elementor-heading-title elementor-size-default\">Aktualno\u015b\u0107i<\/h1>\t\t<\/div>\n\t\t\t\t<\/div>\n\t\t\t\t<div class=\"elementor-element elementor-element-28ae969 elementor-widget elementor-widget-heading\" data-id=\"28ae969\" data-element_type=\"widget\" data-widget_type=\"heading.default\">\n\t\t\t\t<div class=\"elementor-widget-container\">\n\t\t\t<h5 class=\"elementor-heading-title elementor-size-default\">B\u0105d\u017a na bie\u017c\u0105co z informacjami<\/h5>\t\t<\/div>\n\t\t\t\t<\/div>\n\t\t\t\t\t<\/div>\n\t\t<\/div>\n\t\t\t\t\t<\/div>\n\t\t<\/section>\n\t\t\t\t<section class=\"elementor-section elementor-top-section elementor-element elementor-element-4eb3303a elementor-section-boxed elementor-section-height-default elementor-section-height-default\" data-id=\"4eb3303a\" data-element_type=\"section\">\n\t\t\t\t\t\t<div class=\"elementor-container elementor-column-gap-default\">\n\t\t\t\t\t<div class=\"elementor-column elementor-col-66 elementor-top-column elementor-element elementor-element-efc6d9 elementor-invisible\" data-id=\"efc6d9\" data-element_type=\"column\" data-settings=\"{&quot;animation&quot;:&quot;fadeInLeft&quot;}\">\n\t\t\t<div class=\"elementor-widget-wrap elementor-element-populated\">\n\t\t\t\t\t\t<div class=\"elementor-element elementor-element-76ab1ced elementor-grid-2 elementor-grid-tablet-2 elementor-grid-mobile-1 elementor-posts--thumbnail-top elementor-card-shadow-yes elementor-posts__hover-gradient elementor-widget elementor-widget-posts\" data-id=\"76ab1ced\" data-element_type=\"widget\" data-settings=\"{&quot;cards_columns&quot;:&quot;2&quot;,&quot;cards_row_gap&quot;:{&quot;unit&quot;:&quot;px&quot;,&quot;size&quot;:20,&quot;sizes&quot;:[]},&quot;cards_columns_tablet&quot;:&quot;2&quot;,&quot;cards_columns_mobile&quot;:&quot;1&quot;,&quot;cards_row_gap_tablet&quot;:{&quot;unit&quot;:&quot;px&quot;,&quot;size&quot;:&quot;&quot;,&quot;sizes&quot;:[]},&quot;cards_row_gap_mobile&quot;:{&quot;unit&quot;:&quot;px&quot;,&quot;size&quot;:&quot;&quot;,&quot;sizes&quot;:[]}}\" data-widget_type=\"posts.cards\">\n\t\t\t\t<div class=\"elementor-widget-container\">\n\t\t\t\t\t<div class=\"elementor-posts-container elementor-posts elementor-posts--skin-cards elementor-grid\">\n\t\t\t\t<article class=\"elementor-post elementor-grid-item post-1377 post type-post status-publish format-standard has-post-thumbnail hentry category-aktualnosci tag-arkadiusz-bak tag-misje-gospodarcze tag-polska-wschodnia tag-przemysl-obronny tag-wspolpraca\">\n\t\t\t<div class=\"elementor-post__card\">\n\t\t\t\t<a class=\"elementor-post__thumbnail__link\" href=\"https:\/\/sit.skarzysko.pl\/index.php\/2025\/05\/06\/zaproszenie-do-udzialu-w-ii-edycji-regionalnych-misji-gospodarczych-30-05-ostrowiec-swietokrzyski\/\" tabindex=\"-1\" ><div class=\"elementor-post__thumbnail\"><img fetchpriority=\"high\" decoding=\"async\" width=\"1240\" height=\"1748\" src=\"https:\/\/sit.skarzysko.pl\/wp-content\/uploads\/2025\/05\/RMG-Ostrowiec-Zaproszenie.png\" class=\"attachment-full size-full wp-image-1378\" alt=\"\" srcset=\"https:\/\/sit.skarzysko.pl\/wp-content\/uploads\/2025\/05\/RMG-Ostrowiec-Zaproszenie.png 1240w, https:\/\/sit.skarzysko.pl\/wp-content\/uploads\/2025\/05\/RMG-Ostrowiec-Zaproszenie-213x300.png 213w, https:\/\/sit.skarzysko.pl\/wp-content\/uploads\/2025\/05\/RMG-Ostrowiec-Zaproszenie-726x1024.png 726w, https:\/\/sit.skarzysko.pl\/wp-content\/uploads\/2025\/05\/RMG-Ostrowiec-Zaproszenie-768x1083.png 768w, https:\/\/sit.skarzysko.pl\/wp-content\/uploads\/2025\/05\/RMG-Ostrowiec-Zaproszenie-1090x1536.png 1090w\" sizes=\"(max-width: 1240px) 100vw, 1240px\" \/><\/div><\/a>\n\t\t\t\t<div class=\"elementor-post__badge\">Aktualno\u015bci<\/div>\n\t\t\t\t<div class=\"elementor-post__text\">\n\t\t\t\t<h3 class=\"elementor-post__title\">\n\t\t\t<a href=\"https:\/\/sit.skarzysko.pl\/index.php\/2025\/05\/06\/zaproszenie-do-udzialu-w-ii-edycji-regionalnych-misji-gospodarczych-30-05-ostrowiec-swietokrzyski\/\" >\n\t\t\t\tZaproszenie do udzia\u0142u w II edycji Regionalnych Misji Gospodarczych &#8211; 30.05, Ostrowiec \u015awi\u0119tokrzyski\t\t\t<\/a>\n\t\t<\/h3>\n\t\t\t\t<div class=\"elementor-post__excerpt\">\n\t\t\t<p>Artyku\u0142 przeczytasz w 1 minut\u0119. Prezydent Skar\u017cyska-Kamiennej Arkadiusz Bogucki wraz z Prezydentami: Starachowic \u2013 Markiem Materkiem oraz Ostrowca \u015awi\u0119tokrzyskiego \u2013 Arturem \u0141akomcem zapraszaj\u0105 przedsi\u0119biorc\u00f3w do<\/p>\n\t\t<\/div>\n\t\t\n\t\t<a class=\"elementor-post__read-more\" href=\"https:\/\/sit.skarzysko.pl\/index.php\/2025\/05\/06\/zaproszenie-do-udzialu-w-ii-edycji-regionalnych-misji-gospodarczych-30-05-ostrowiec-swietokrzyski\/\" aria-label=\"Read more about Zaproszenie do udzia\u0142u w II edycji Regionalnych Misji Gospodarczych &#8211; 30.05, Ostrowiec \u015awi\u0119tokrzyski\" tabindex=\"-1\" >\n\t\t\tPrzeczytaj wi\u0119cej\t\t<\/a>\n\n\t\t\t\t<\/div>\n\t\t\t\t\t<\/div>\n\t\t<\/article>\n\t\t\t\t<article class=\"elementor-post elementor-grid-item post-1367 post type-post status-publish format-standard hentry category-aktualnosci tag-skarzysko-kamienna tag-um\">\n\t\t\t<div class=\"elementor-post__card\">\n\t\t\t\t<div class=\"elementor-post__text\">\n\t\t\t\t<h3 class=\"elementor-post__title\">\n\t\t\t<a href=\"https:\/\/sit.skarzysko.pl\/index.php\/2025\/04\/30\/piatek-2-maja-urzad-miasta-bedzie-nieczynny\/\" >\n\t\t\t\tPi\u0105tek, 2 maja &#8211; Urz\u0105d Miasta b\u0119dzie nieczynny\t\t\t<\/a>\n\t\t<\/h3>\n\t\t\t\t<div class=\"elementor-post__excerpt\">\n\t\t\t<p>Artyku\u0142 przeczytasz w mniej ni\u017c 1 minut\u0119. Informujemy, \u017ce w najbli\u017cszy pi\u0105tek, 2 maja, Urz\u0105d Miasta b\u0119dzie nieczynny. Prosimy o uwzgl\u0119dnienie tej informacji przy planowaniu<\/p>\n\t\t<\/div>\n\t\t\n\t\t<a class=\"elementor-post__read-more\" href=\"https:\/\/sit.skarzysko.pl\/index.php\/2025\/04\/30\/piatek-2-maja-urzad-miasta-bedzie-nieczynny\/\" aria-label=\"Read more about Pi\u0105tek, 2 maja &#8211; Urz\u0105d Miasta b\u0119dzie nieczynny\" tabindex=\"-1\" >\n\t\t\tPrzeczytaj wi\u0119cej\t\t<\/a>\n\n\t\t\t\t<\/div>\n\t\t\t\t\t<\/div>\n\t\t<\/article>\n\t\t\t\t<article class=\"elementor-post elementor-grid-item post-1364 post type-post status-publish format-standard hentry category-aktualnosci tag-lizbona tag-misja-gospodarcza tag-umws tag-web-summit\">\n\t\t\t<div class=\"elementor-post__card\">\n\t\t\t\t<div class=\"elementor-post__text\">\n\t\t\t\t<h3 class=\"elementor-post__title\">\n\t\t\t<a href=\"https:\/\/sit.skarzysko.pl\/index.php\/2025\/04\/29\/nabor-na-wyjazdowa-misje-gospodarcza-dla-firm-z-woj-swietokrzyskiego-na-targi-technologiczne-web-summit-lizbona-2025\/\" >\n\t\t\t\tNab\u00f3r na wyjazdow\u0105 misj\u0119 gospodarcz\u0105 dla firm z woj. \u015bwi\u0119tokrzyskiego na targi technologiczne WEB SUMMIT LIZBONA 2025\t\t\t<\/a>\n\t\t<\/h3>\n\t\t\t\t<div class=\"elementor-post__excerpt\">\n\t\t\t<p>Artyku\u0142 przeczytasz w 1 minut\u0119. Wojew\u00f3dztwo \u015bwi\u0119tokrzyskie og\u0142asza nab\u00f3r na wyjazdow\u0105 misj\u0119 gospodarcz\u0105 wraz z organizacj\u0105 wsp\u00f3lnej powierzchni wystawienniczej na targach technologicznych WEB SUMMIT LIZBONA<\/p>\n\t\t<\/div>\n\t\t\n\t\t<a class=\"elementor-post__read-more\" href=\"https:\/\/sit.skarzysko.pl\/index.php\/2025\/04\/29\/nabor-na-wyjazdowa-misje-gospodarcza-dla-firm-z-woj-swietokrzyskiego-na-targi-technologiczne-web-summit-lizbona-2025\/\" aria-label=\"Read more about Nab\u00f3r na wyjazdow\u0105 misj\u0119 gospodarcz\u0105 dla firm z woj. \u015bwi\u0119tokrzyskiego na targi technologiczne WEB SUMMIT LIZBONA 2025\" tabindex=\"-1\" >\n\t\t\tPrzeczytaj wi\u0119cej\t\t<\/a>\n\n\t\t\t\t<\/div>\n\t\t\t\t\t<\/div>\n\t\t<\/article>\n\t\t\t\t<article class=\"elementor-post elementor-grid-item post-1354 post type-post status-publish format-standard has-post-thumbnail hentry category-aktualnosci tag-msp tag-targi-kielce tag-wspolpraca\">\n\t\t\t<div class=\"elementor-post__card\">\n\t\t\t\t<a class=\"elementor-post__thumbnail__link\" href=\"https:\/\/sit.skarzysko.pl\/index.php\/2025\/04\/28\/1354\/\" tabindex=\"-1\" ><div class=\"elementor-post__thumbnail\"><img decoding=\"async\" width=\"2560\" height=\"1920\" src=\"https:\/\/sit.skarzysko.pl\/wp-content\/uploads\/2025\/04\/06-scaled-1.jpg\" class=\"attachment-full size-full wp-image-1358\" alt=\"\" srcset=\"https:\/\/sit.skarzysko.pl\/wp-content\/uploads\/2025\/04\/06-scaled-1.jpg 2560w, https:\/\/sit.skarzysko.pl\/wp-content\/uploads\/2025\/04\/06-scaled-1-300x225.jpg 300w, https:\/\/sit.skarzysko.pl\/wp-content\/uploads\/2025\/04\/06-scaled-1-1024x768.jpg 1024w, https:\/\/sit.skarzysko.pl\/wp-content\/uploads\/2025\/04\/06-scaled-1-768x576.jpg 768w, https:\/\/sit.skarzysko.pl\/wp-content\/uploads\/2025\/04\/06-scaled-1-1536x1152.jpg 1536w, https:\/\/sit.skarzysko.pl\/wp-content\/uploads\/2025\/04\/06-scaled-1-2048x1536.jpg 2048w\" sizes=\"(max-width: 2560px) 100vw, 2560px\" \/><\/div><\/a>\n\t\t\t\t<div class=\"elementor-post__badge\">Aktualno\u015bci<\/div>\n\t\t\t\t<div class=\"elementor-post__text\">\n\t\t\t\t<h3 class=\"elementor-post__title\">\n\t\t\t<a href=\"https:\/\/sit.skarzysko.pl\/index.php\/2025\/04\/28\/1354\/\" >\n\t\t\t\tTargi Kielce i Gmina Skar\u017cysko-Kamienna &#8211; wsp\u00f3\u0142praca z korzy\u015bci\u0105 dla przedsi\u0119biorc\u00f3w\t\t\t<\/a>\n\t\t<\/h3>\n\t\t\t\t<div class=\"elementor-post__excerpt\">\n\t\t\t<p>Artyku\u0142 przeczytasz w 2 minuty. &nbsp; Przedsi\u0119biorcy ze Skar\u017cyska-Kamiennej b\u0119d\u0105 mogli bra\u0107 udzia\u0142 w bran\u017cowych wydarzeniach organizowanych przez Targi Kielce, wynajmuj\u0105c powierzchni\u0119 wystawiennicz\u0105 ze znaczn\u0105,<\/p>\n\t\t<\/div>\n\t\t\n\t\t<a class=\"elementor-post__read-more\" href=\"https:\/\/sit.skarzysko.pl\/index.php\/2025\/04\/28\/1354\/\" aria-label=\"Read more about Targi Kielce i Gmina Skar\u017cysko-Kamienna &#8211; wsp\u00f3\u0142praca z korzy\u015bci\u0105 dla przedsi\u0119biorc\u00f3w\" tabindex=\"-1\" >\n\t\t\tPrzeczytaj wi\u0119cej\t\t<\/a>\n\n\t\t\t\t<\/div>\n\t\t\t\t\t<\/div>\n\t\t<\/article>\n\t\t\t\t<article class=\"elementor-post elementor-grid-item post-1362 post type-post status-publish format-standard hentry category-aktualnosci tag-nabor tag-przedsiebiorca tag-wizyta-studyjna tag-wspolpraca tag-wup-msp\">\n\t\t\t<div class=\"elementor-post__card\">\n\t\t\t\t<div class=\"elementor-post__text\">\n\t\t\t\t<h3 class=\"elementor-post__title\">\n\t\t\t<a href=\"https:\/\/sit.skarzysko.pl\/index.php\/2025\/04\/25\/ii-nabor-dla-przedsiebiorstw-organizowany-przez-wojewodzki-urzad-pracy-w-kielcach\/\" >\n\t\t\t\tII nab\u00f3r dla przedsi\u0119biorstw organizowany przez Wojew\u00f3dzki Urz\u0105d Pracy w Kielcach\t\t\t<\/a>\n\t\t<\/h3>\n\t\t\t\t<div class=\"elementor-post__excerpt\">\n\t\t\t<p>Artyku\u0142 przeczytasz w 1 minut\u0119. Wojew\u00f3dzki Urz\u0105d Pracy w Kielcach organizuje II nab\u00f3r dla przedsi\u0119biorstw z wojew\u00f3dztwa \u015bwi\u0119tokrzyskiego na udzia\u0142 w cyklu wizyt edukacyjnych, kt\u00f3re<\/p>\n\t\t<\/div>\n\t\t\n\t\t<a class=\"elementor-post__read-more\" href=\"https:\/\/sit.skarzysko.pl\/index.php\/2025\/04\/25\/ii-nabor-dla-przedsiebiorstw-organizowany-przez-wojewodzki-urzad-pracy-w-kielcach\/\" aria-label=\"Read more about II nab\u00f3r dla przedsi\u0119biorstw organizowany przez Wojew\u00f3dzki Urz\u0105d Pracy w Kielcach\" tabindex=\"-1\" >\n\t\t\tPrzeczytaj wi\u0119cej\t\t<\/a>\n\n\t\t\t\t<\/div>\n\t\t\t\t\t<\/div>\n\t\t<\/article>\n\t\t\t\t<article class=\"elementor-post elementor-grid-item post-1350 post type-post status-publish format-standard hentry category-aktualnosci tag-msp tag-pkd tag-przedsiebiorca\">\n\t\t\t<div class=\"elementor-post__card\">\n\t\t\t\t<div class=\"elementor-post__text\">\n\t\t\t\t<h3 class=\"elementor-post__title\">\n\t\t\t<a href=\"https:\/\/sit.skarzysko.pl\/index.php\/2025\/03\/25\/uwaga-przedsiebiorcy-przypominamy-o-zmianie-kodow-pkd\/\" >\n\t\t\t\tUwaga przedsi\u0119biorcy &#8211; przypominamy o zmianie kod\u00f3w PKD\t\t\t<\/a>\n\t\t<\/h3>\n\t\t\t\t<div class=\"elementor-post__excerpt\">\n\t\t\t<p>Artyku\u0142 przeczytasz w mniej ni\u017c 1 minut\u0119. Od 1 stycznia 2025 roku we wszystkich rejestrach publicznych, w tym w Centralnej Ewidencji i Informacji o Dzia\u0142alno\u015bci<\/p>\n\t\t<\/div>\n\t\t\n\t\t<a class=\"elementor-post__read-more\" href=\"https:\/\/sit.skarzysko.pl\/index.php\/2025\/03\/25\/uwaga-przedsiebiorcy-przypominamy-o-zmianie-kodow-pkd\/\" aria-label=\"Read more about Uwaga przedsi\u0119biorcy &#8211; przypominamy o zmianie kod\u00f3w PKD\" tabindex=\"-1\" >\n\t\t\tPrzeczytaj wi\u0119cej\t\t<\/a>\n\n\t\t\t\t<\/div>\n\t\t\t\t\t<\/div>\n\t\t<\/article>\n\t\t\t\t<\/div>\n\t\t\n\t\t\t\t<\/div>\n\t\t\t\t<\/div>\n\t\t\t\t\t<\/div>\n\t\t<\/div>\n\t\t\t\t<div class=\"elementor-column elementor-col-33 elementor-top-column elementor-element elementor-element-41c7e87b\" data-id=\"41c7e87b\" data-element_type=\"column\">\n\t\t\t<div class=\"elementor-widget-wrap elementor-element-populated\">\n\t\t\t\t\t\t<div class=\"elementor-element elementor-element-26a2706f elementor-search-form--skin-classic elementor-search-form--button-type-icon elementor-search-form--icon-search elementor-invisible elementor-widget elementor-widget-search-form\" data-id=\"26a2706f\" data-element_type=\"widget\" data-settings=\"{&quot;_animation&quot;:&quot;fadeInUp&quot;,&quot;skin&quot;:&quot;classic&quot;}\" data-widget_type=\"search-form.default\">\n\t\t\t\t<div class=\"elementor-widget-container\">\n\t\t\t\t\t<search role=\"search\">\n\t\t\t<form class=\"elementor-search-form\" action=\"https:\/\/sit.skarzysko.pl\" method=\"get\">\n\t\t\t\t\t\t\t\t\t\t\t\t<div class=\"elementor-search-form__container\">\n\t\t\t\t\t<label class=\"elementor-screen-only\" for=\"elementor-search-form-26a2706f\">Szukaj<\/label>\n\n\t\t\t\t\t\n\t\t\t\t\t<input id=\"elementor-search-form-26a2706f\" placeholder=\"Szukaj...\" class=\"elementor-search-form__input\" type=\"search\" name=\"s\" value=\"\">\n\t\t\t\t\t\n\t\t\t\t\t\t\t\t\t\t\t<button class=\"elementor-search-form__submit\" type=\"submit\" aria-label=\"Szukaj\">\n\t\t\t\t\t\t\t\t\t\t\t\t\t\t\t<i aria-hidden=\"true\" class=\"fas fa-search\"><\/i>\t\t\t\t\t\t\t\t<span class=\"elementor-screen-only\">Szukaj<\/span>\n\t\t\t\t\t\t\t\t\t\t\t\t\t<\/button>\n\t\t\t\t\t\n\t\t\t\t\t\t\t\t\t<\/div>\n\t\t\t<\/form>\n\t\t<\/search>\n\t\t\t\t<\/div>\n\t\t\t\t<\/div>\n\t\t\t\t<section class=\"elementor-section elementor-inner-section elementor-element elementor-element-33fc46e elementor-section-boxed elementor-section-height-default elementor-section-height-default elementor-invisible\" data-id=\"33fc46e\" data-element_type=\"section\" data-settings=\"{&quot;background_background&quot;:&quot;classic&quot;,&quot;animation&quot;:&quot;fadeInUp&quot;,&quot;animation_delay&quot;:120}\">\n\t\t\t\t\t\t<div class=\"elementor-container elementor-column-gap-default\">\n\t\t\t\t\t<div class=\"elementor-column elementor-col-100 elementor-inner-column elementor-element elementor-element-7e4815da\" data-id=\"7e4815da\" data-element_type=\"column\">\n\t\t\t<div class=\"elementor-widget-wrap elementor-element-populated\">\n\t\t\t\t\t\t<div class=\"elementor-element elementor-element-5acc9b68 elementor-widget elementor-widget-heading\" data-id=\"5acc9b68\" data-element_type=\"widget\" data-widget_type=\"heading.default\">\n\t\t\t\t<div class=\"elementor-widget-container\">\n\t\t\t<h4 class=\"elementor-heading-title elementor-size-default\">Popularne wpisy<\/h4>\t\t<\/div>\n\t\t\t\t<\/div>\n\t\t\t\t<div class=\"elementor-element elementor-element-73aa61ba elementor-grid-1 elementor-posts--thumbnail-left elementor-grid-tablet-2 elementor-grid-mobile-1 elementor-widget elementor-widget-posts\" data-id=\"73aa61ba\" data-element_type=\"widget\" data-settings=\"{&quot;classic_columns&quot;:&quot;1&quot;,&quot;classic_row_gap&quot;:{&quot;unit&quot;:&quot;px&quot;,&quot;size&quot;:15,&quot;sizes&quot;:[]},&quot;classic_columns_tablet&quot;:&quot;2&quot;,&quot;classic_columns_mobile&quot;:&quot;1&quot;,&quot;classic_row_gap_tablet&quot;:{&quot;unit&quot;:&quot;px&quot;,&quot;size&quot;:&quot;&quot;,&quot;sizes&quot;:[]},&quot;classic_row_gap_mobile&quot;:{&quot;unit&quot;:&quot;px&quot;,&quot;size&quot;:&quot;&quot;,&quot;sizes&quot;:[]}}\" data-widget_type=\"posts.classic\">\n\t\t\t\t<div class=\"elementor-widget-container\">\n\t\t\t\t\t<div class=\"elementor-posts-container elementor-posts elementor-posts--skin-classic elementor-grid\">\n\t\t\t\t<article class=\"elementor-post elementor-grid-item post-1377 post type-post status-publish format-standard has-post-thumbnail hentry category-aktualnosci tag-arkadiusz-bak tag-misje-gospodarcze tag-polska-wschodnia tag-przemysl-obronny tag-wspolpraca\">\n\t\t\t\t<a class=\"elementor-post__thumbnail__link\" href=\"https:\/\/sit.skarzysko.pl\/index.php\/2025\/05\/06\/zaproszenie-do-udzialu-w-ii-edycji-regionalnych-misji-gospodarczych-30-05-ostrowiec-swietokrzyski\/\" tabindex=\"-1\" >\n\t\t\t<div class=\"elementor-post__thumbnail\"><img fetchpriority=\"high\" decoding=\"async\" width=\"1240\" height=\"1748\" src=\"https:\/\/sit.skarzysko.pl\/wp-content\/uploads\/2025\/05\/RMG-Ostrowiec-Zaproszenie.png\" class=\"attachment-full size-full wp-image-1378\" alt=\"\" srcset=\"https:\/\/sit.skarzysko.pl\/wp-content\/uploads\/2025\/05\/RMG-Ostrowiec-Zaproszenie.png 1240w, https:\/\/sit.skarzysko.pl\/wp-content\/uploads\/2025\/05\/RMG-Ostrowiec-Zaproszenie-213x300.png 213w, https:\/\/sit.skarzysko.pl\/wp-content\/uploads\/2025\/05\/RMG-Ostrowiec-Zaproszenie-726x1024.png 726w, https:\/\/sit.skarzysko.pl\/wp-content\/uploads\/2025\/05\/RMG-Ostrowiec-Zaproszenie-768x1083.png 768w, https:\/\/sit.skarzysko.pl\/wp-content\/uploads\/2025\/05\/RMG-Ostrowiec-Zaproszenie-1090x1536.png 1090w\" sizes=\"(max-width: 1240px) 100vw, 1240px\" \/><\/div>\n\t\t<\/a>\n\t\t\t\t<div class=\"elementor-post__text\">\n\t\t\t\t<h5 class=\"elementor-post__title\">\n\t\t\t<a href=\"https:\/\/sit.skarzysko.pl\/index.php\/2025\/05\/06\/zaproszenie-do-udzialu-w-ii-edycji-regionalnych-misji-gospodarczych-30-05-ostrowiec-swietokrzyski\/\" >\n\t\t\t\tZaproszenie do udzia\u0142u w II edycji Regionalnych Misji Gospodarczych &#8211; 30.05, Ostrowiec \u015awi\u0119tokrzyski\t\t\t<\/a>\n\t\t<\/h5>\n\t\t\t\t<div class=\"elementor-post__meta-data\">\n\t\t\t\t\t<span class=\"elementor-post-date\">\n\t\t\t6 maja 2025\t\t<\/span>\n\t\t\t\t<span class=\"elementor-post-avatar\">\n\t\t\tBrak komentarzy\t\t<\/span>\n\t\t\t\t<\/div>\n\t\t\t\t<\/div>\n\t\t\t\t<\/article>\n\t\t\t\t<article class=\"elementor-post elementor-grid-item post-1367 post type-post status-publish format-standard hentry category-aktualnosci tag-skarzysko-kamienna tag-um\">\n\t\t\t\t<div class=\"elementor-post__text\">\n\t\t\t\t<h5 class=\"elementor-post__title\">\n\t\t\t<a href=\"https:\/\/sit.skarzysko.pl\/index.php\/2025\/04\/30\/piatek-2-maja-urzad-miasta-bedzie-nieczynny\/\" >\n\t\t\t\tPi\u0105tek, 2 maja &#8211; Urz\u0105d Miasta b\u0119dzie nieczynny\t\t\t<\/a>\n\t\t<\/h5>\n\t\t\t\t<div class=\"elementor-post__meta-data\">\n\t\t\t\t\t<span class=\"elementor-post-date\">\n\t\t\t30 kwietnia 2025\t\t<\/span>\n\t\t\t\t<span class=\"elementor-post-avatar\">\n\t\t\tBrak komentarzy\t\t<\/span>\n\t\t\t\t<\/div>\n\t\t\t\t<\/div>\n\t\t\t\t<\/article>\n\t\t\t\t<article class=\"elementor-post elementor-grid-item post-1364 post type-post status-publish format-standard hentry category-aktualnosci tag-lizbona tag-misja-gospodarcza tag-umws tag-web-summit\">\n\t\t\t\t<div class=\"elementor-post__text\">\n\t\t\t\t<h5 class=\"elementor-post__title\">\n\t\t\t<a href=\"https:\/\/sit.skarzysko.pl\/index.php\/2025\/04\/29\/nabor-na-wyjazdowa-misje-gospodarcza-dla-firm-z-woj-swietokrzyskiego-na-targi-technologiczne-web-summit-lizbona-2025\/\" >\n\t\t\t\tNab\u00f3r na wyjazdow\u0105 misj\u0119 gospodarcz\u0105 dla firm z woj. \u015bwi\u0119tokrzyskiego na targi technologiczne WEB SUMMIT LIZBONA 2025\t\t\t<\/a>\n\t\t<\/h5>\n\t\t\t\t<div class=\"elementor-post__meta-data\">\n\t\t\t\t\t<span class=\"elementor-post-date\">\n\t\t\t29 kwietnia 2025\t\t<\/span>\n\t\t\t\t<span class=\"elementor-post-avatar\">\n\t\t\tBrak komentarzy\t\t<\/span>\n\t\t\t\t<\/div>\n\t\t\t\t<\/div>\n\t\t\t\t<\/article>\n\t\t\t\t<article class=\"elementor-post elementor-grid-item post-1354 post type-post status-publish format-standard has-post-thumbnail hentry category-aktualnosci tag-msp tag-targi-kielce tag-wspolpraca\">\n\t\t\t\t<a class=\"elementor-post__thumbnail__link\" href=\"https:\/\/sit.skarzysko.pl\/index.php\/2025\/04\/28\/1354\/\" tabindex=\"-1\" >\n\t\t\t<div class=\"elementor-post__thumbnail\"><img decoding=\"async\" width=\"2560\" height=\"1920\" src=\"https:\/\/sit.skarzysko.pl\/wp-content\/uploads\/2025\/04\/06-scaled-1.jpg\" class=\"attachment-full size-full wp-image-1358\" alt=\"\" srcset=\"https:\/\/sit.skarzysko.pl\/wp-content\/uploads\/2025\/04\/06-scaled-1.jpg 2560w, https:\/\/sit.skarzysko.pl\/wp-content\/uploads\/2025\/04\/06-scaled-1-300x225.jpg 300w, https:\/\/sit.skarzysko.pl\/wp-content\/uploads\/2025\/04\/06-scaled-1-1024x768.jpg 1024w, https:\/\/sit.skarzysko.pl\/wp-content\/uploads\/2025\/04\/06-scaled-1-768x576.jpg 768w, https:\/\/sit.skarzysko.pl\/wp-content\/uploads\/2025\/04\/06-scaled-1-1536x1152.jpg 1536w, https:\/\/sit.skarzysko.pl\/wp-content\/uploads\/2025\/04\/06-scaled-1-2048x1536.jpg 2048w\" sizes=\"(max-width: 2560px) 100vw, 2560px\" \/><\/div>\n\t\t<\/a>\n\t\t\t\t<div class=\"elementor-post__text\">\n\t\t\t\t<h5 class=\"elementor-post__title\">\n\t\t\t<a href=\"https:\/\/sit.skarzysko.pl\/index.php\/2025\/04\/28\/1354\/\" >\n\t\t\t\tTargi Kielce i Gmina Skar\u017cysko-Kamienna &#8211; wsp\u00f3\u0142praca z korzy\u015bci\u0105 dla przedsi\u0119biorc\u00f3w\t\t\t<\/a>\n\t\t<\/h5>\n\t\t\t\t<div class=\"elementor-post__meta-data\">\n\t\t\t\t\t<span class=\"elementor-post-date\">\n\t\t\t28 kwietnia 2025\t\t<\/span>\n\t\t\t\t<span class=\"elementor-post-avatar\">\n\t\t\tBrak komentarzy\t\t<\/span>\n\t\t\t\t<\/div>\n\t\t\t\t<\/div>\n\t\t\t\t<\/article>\n\t\t\t\t<article class=\"elementor-post elementor-grid-item post-1362 post type-post status-publish format-standard hentry category-aktualnosci tag-nabor tag-przedsiebiorca tag-wizyta-studyjna tag-wspolpraca tag-wup-msp\">\n\t\t\t\t<div class=\"elementor-post__text\">\n\t\t\t\t<h5 class=\"elementor-post__title\">\n\t\t\t<a href=\"https:\/\/sit.skarzysko.pl\/index.php\/2025\/04\/25\/ii-nabor-dla-przedsiebiorstw-organizowany-przez-wojewodzki-urzad-pracy-w-kielcach\/\" >\n\t\t\t\tII nab\u00f3r dla przedsi\u0119biorstw organizowany przez Wojew\u00f3dzki Urz\u0105d Pracy w Kielcach\t\t\t<\/a>\n\t\t<\/h5>\n\t\t\t\t<div class=\"elementor-post__meta-data\">\n\t\t\t\t\t<span class=\"elementor-post-date\">\n\t\t\t25 kwietnia 2025\t\t<\/span>\n\t\t\t\t<span class=\"elementor-post-avatar\">\n\t\t\tBrak komentarzy\t\t<\/span>\n\t\t\t\t<\/div>\n\t\t\t\t<\/div>\n\t\t\t\t<\/article>\n\t\t\t\t<article class=\"elementor-post elementor-grid-item post-1350 post type-post status-publish format-standard hentry category-aktualnosci tag-msp tag-pkd tag-przedsiebiorca\">\n\t\t\t\t<div class=\"elementor-post__text\">\n\t\t\t\t<h5 class=\"elementor-post__title\">\n\t\t\t<a href=\"https:\/\/sit.skarzysko.pl\/index.php\/2025\/03\/25\/uwaga-przedsiebiorcy-przypominamy-o-zmianie-kodow-pkd\/\" >\n\t\t\t\tUwaga przedsi\u0119biorcy &#8211; przypominamy o zmianie kod\u00f3w PKD\t\t\t<\/a>\n\t\t<\/h5>\n\t\t\t\t<div class=\"elementor-post__meta-data\">\n\t\t\t\t\t<span class=\"elementor-post-date\">\n\t\t\t25 marca 2025\t\t<\/span>\n\t\t\t\t<span class=\"elementor-post-avatar\">\n\t\t\tBrak komentarzy\t\t<\/span>\n\t\t\t\t<\/div>\n\t\t\t\t<\/div>\n\t\t\t\t<\/article>\n\t\t\t\t<\/div>\n\t\t\n\t\t\t\t<\/div>\n\t\t\t\t<\/div>\n\t\t\t\t\t<\/div>\n\t\t<\/div>\n\t\t\t\t\t<\/div>\n\t\t<\/section>\n\t\t\t\t<section class=\"elementor-section elementor-inner-section elementor-element elementor-element-14e41799 elementor-section-boxed elementor-section-height-default elementor-section-height-default elementor-invisible\" data-id=\"14e41799\" data-element_type=\"section\" data-settings=\"{&quot;background_background&quot;:&quot;classic&quot;,&quot;animation&quot;:&quot;fadeInUp&quot;,&quot;animation_delay&quot;:240}\">\n\t\t\t\t\t\t<div class=\"elementor-container elementor-column-gap-default\">\n\t\t\t\t\t<div class=\"elementor-column elementor-col-100 elementor-inner-column elementor-element elementor-element-6435b271\" data-id=\"6435b271\" data-element_type=\"column\">\n\t\t\t<div class=\"elementor-widget-wrap elementor-element-populated\">\n\t\t\t\t\t\t<div class=\"elementor-element elementor-element-75ec29c elementor-widget elementor-widget-heading\" data-id=\"75ec29c\" data-element_type=\"widget\" data-widget_type=\"heading.default\">\n\t\t\t\t<div class=\"elementor-widget-container\">\n\t\t\t<h4 class=\"elementor-heading-title elementor-size-default\">Najciekawsze kategorie<\/h4>\t\t<\/div>\n\t\t\t\t<\/div>\n\t\t\t\t<div class=\"elementor-element elementor-element-197eeda0 elementor-widget elementor-widget-elementskit-category-list\" data-id=\"197eeda0\" data-element_type=\"widget\" data-widget_type=\"elementskit-category-list.default\">\n\t\t\t\t<div class=\"elementor-widget-container\">\n\t\t\t<div class=\"ekit-wid-con\" >\t\t<ul class=\"elementor-icon-list-items\">\n\t\t\t\t\t\t\t<li class=\"elementor-icon-list-item\">\n\t\t\t\t\t<a href=\"https:\/\/sit.skarzysko.pl\/index.php\/category\/aktualnosci\/\" >\n                                                    <span class=\"elementor-icon-list-icon\">\n\t\t\t\t\t\t\t\t<i aria-hidden=\"true\" class=\"fas fa-check\"><\/i>                            <\/span>\n                                                <span class=\"elementor-icon-list-text\">Aktualno\u015bci<\/span>\n\t\t\t\t\t<\/a>\n\n\t\t\t\t<\/li>\n\t\t\t\t\t\t<\/ul>\n\t\t<\/div>\t\t<\/div>\n\t\t\t\t<\/div>\n\t\t\t\t\t<\/div>\n\t\t<\/div>\n\t\t\t\t\t<\/div>\n\t\t<\/section>\n\t\t\t\t\t<\/div>\n\t\t<\/div>\n\t\t\t\t\t<\/div>\n\t\t<\/section>\n\t\t\t\t<\/div>\n\t\t","protected":false},"excerpt":{"rendered":"<p>B\u0105d\u017a na bie\u017c\u0105co z informacjami Popularne wpisy Najciekawsze kategorie Aktualno\u015bci<\/p>\n","protected":false},"author":1,"featured_media":0,"parent":0,"menu_order":0,"comment_status":"closed","ping_status":"closed","template":"","meta":{"footnotes":""},"class_list":["post-319","page","type-page","status-publish","hentry"],"_links":{"self":[{"href":"https:\/\/sit.skarzysko.pl\/index.php\/wp-json\/wp\/v2\/pages\/319"}],"collection":[{"href":"https:\/\/sit.skarzysko.pl\/index.php\/wp-json\/wp\/v2\/pages"}],"about":[{"href":"https:\/\/sit.skarzysko.pl\/index.php\/wp-json\/wp\/v2\/types\/page"}],"author":[{"embeddable":true,"href":"https:\/\/sit.skarzysko.pl\/index.php\/wp-json\/wp\/v2\/users\/1"}],"replies":[{"embeddable":true,"href":"https:\/\/sit.skarzysko.pl\/index.php\/wp-json\/wp\/v2\/comments?post=319"}],"version-history":[{"count":34,"href":"https:\/\/sit.skarzysko.pl\/index.php\/wp-json\/wp\/v2\/pages\/319\/revisions"}],"predecessor-version":[{"id":894,"href":"https:\/\/sit.skarzysko.pl\/index.php\/wp-json\/wp\/v2\/pages\/319\/revisions\/894"}],"wp:attachment":[{"href":"https:\/\/sit.skarzysko.pl\/index.php\/wp-json\/wp\/v2\/media?parent=319"}],"curies":[{"name":"wp","href":"https:\/\/api.w.org\/{rel}","templated":true}]}}